{"id":200,"date":"2025-02-16T01:03:22","date_gmt":"2025-02-16T01:03:22","guid":{"rendered":"https:\/\/viestikyyhky.fi\/?page_id=200"},"modified":"2025-02-16T01:03:23","modified_gmt":"2025-02-16T01:03:23","slug":"kokouspoytakirja","status":"publish","type":"page","link":"https:\/\/viestikyyhky.fi\/index.php\/kokouspoytakirja\/","title":{"rendered":"Kokousp\u00f6yt\u00e4kirja"},"content":{"rendered":"\n<h3 class=\"wp-block-heading\">Kokousp\u00f6yt\u00e4kirja 2025<\/h3>\n\n\n\n<p>SUOMEN VIESTIKYYHKY-YHDISTYS ry:n S\u00c4\u00c4NT\u00d6M\u00c4\u00c4R\u00c4INEN VUOSIKOKOUS 2025<\/p>\n\n\n\n<p>Yhdistyksen vuosikokous pidettiin 04.01.2025 ABC Lojan kello 12:00 alkaen.<\/p>\n\n\n\n<p>YHDISTYKSEN VUOSIKOKOUS<\/p>\n\n\n\n<p>Yhdistyksen vuosikokouksessa k\u00e4sitell\u00e4\u00e4n seuraavat asiat:<\/p>\n\n\n\n<p>1. Kokouksen avaus.<\/p>\n\n\n\n<p>Puheenjohtaja avasi kokouksen klo 12:30<\/p>\n\n\n\n<p>2. Valitaan kokouksen puheenjohtaja, sihteeri, kaksi p\u00f6yt\u00e4kirjantarkastajaa ja tarvittaessa kaksi \u00e4\u00e4ntenlaskijaa.<\/p>\n\n\n\n<p>Puheenjohtaja: Zaki Kamal, sihteeri&nbsp;Gazmend braha, p\u00f6yt\u00e4kirjantarkastajiksi Risto Nikkanen ja Hikmet Dikmen.<\/p>\n\n\n\n<p>3. Todetaan kokouksen laillisuus ja p\u00e4\u00e4t\u00f6svaltaisuus.<\/p>\n\n\n\n<p>Kokouskutsut l\u00e4hetetty j\u00e4senille 02.12.2024. Kokous todettiin lailliseksi ja p\u00e4\u00e4t\u00f6svaltaiseksi.<\/p>\n\n\n\n<p>4. Hyv\u00e4ksyt\u00e4\u00e4n kokoukselle ty\u00f6j\u00e4rjestys.<\/p>\n\n\n\n<p>Ty\u00f6j\u00e4rjestys hyv\u00e4ksyttiin esitetyss\u00e4 muodossa.<\/p>\n\n\n\n<p>5. Esitet\u00e4\u00e4n tilinp\u00e4\u00e4t\u00f6s, vuosikertomus ja tilintarkastajan lausunto.<\/p>\n\n\n\n<p>Tilinp\u00e4\u00e4t\u00f6s liite 1, Vuosikertomus liite 2. Toiminnantarkastajan lausunnon mukaan puolletaan vastuuvapauden my\u00f6nt\u00e4mist\u00e4 tilivelvollisille.<\/p>\n\n\n\n<p>6. P\u00e4\u00e4tet\u00e4\u00e4n tilinp\u00e4\u00e4t\u00f6ksen vahvistamisesta ja vastuuvapauden my\u00f6nt\u00e4misest\u00e4 hallitukselle ja muille tilivelvollisille.<\/p>\n\n\n\n<p>P\u00e4\u00e4tettiin my\u00f6nt\u00e4\u00e4 vastuuvapaus hallitukselle ja muille tilivelvolliselle.<\/p>\n\n\n\n<p>7. P\u00e4\u00e4tet\u00e4\u00e4n j\u00e4senmaksun ja liittymismaksun suuruudet kuluvalle tilivuodelle erikseen kullekin j\u00e4senryhm\u00e4lle, sek\u00e4 tunnisterenkaista j\u00e4senilt\u00e4 peritt\u00e4v\u00e4n maksun suuruus.<\/p>\n\n\n\n<p>Liittymismaksu: 5 euroa, J\u00e4senmaksu: 25 euroa<\/p>\n\n\n\n<p>Kisamaksu:&nbsp; 50 euroa koko kausi, rajaton m\u00e4\u00e4r\u00e4 lintuja, tai 3 euroa per lintu.<\/p>\n\n\n\n<p>Tunnisterenkaat + omistajakortti: 60 sentti\u00e4\/kpl. Renkaiden postitus 1 euro jos tilaus alle 20 rengasta.<\/p>\n\n\n\n<p>8. Vahvistetaan toimintasuunnitelma ja tulo- ja menoarvio.<\/p>\n\n\n\n<p>K\u00e4ytiin l\u00e4pi toimintasuunnitelma liite 3 ja tulo- ja menoarvio liite 4 tulevalle vuodelle.<\/p>\n\n\n\n<p>9. M\u00e4\u00e4r\u00e4t\u00e4\u00e4n hallituksen j\u00e4senten ja varaj\u00e4senten lukum\u00e4\u00e4r\u00e4 seuraavalle toimikaudelle.<\/p>\n\n\n\n<p>Kolme j\u00e4sent\u00e4, yksi puheenjohtaja ja kaksi varsinaista j\u00e4sent\u00e4. Lis\u00e4ksi kaksi varaj\u00e4sent\u00e4.<\/p>\n\n\n\n<p>10. Valitaan hallituksen puheenjohtaja seuraavalle toimikaudelle.<\/p>\n\n\n\n<p>Valittiin yksimielisesti Kamal Zakiullah puheenjohtajaksi.<\/p>\n\n\n\n<p>11. Valitaan hallituksen j\u00e4senet sek\u00e4 hallituksen varaj\u00e4senet seuraavalle toimikaudelle.<\/p>\n\n\n\n<p>Hallituksen j\u00e4seniksi valittiin Cumhur Kurtulmus ja Hikmet Dikmen. Ensimm\u00e4iseksi varaj\u00e4seneksi Gazmend Braha ja toiseksi varaj\u00e4seneksi Risto Nikkanen.<\/p>\n\n\n\n<p>12. Valitaan yksi tilintarkastaja ja yksi varatilintarkastaja.<\/p>\n\n\n\n<p>Gazmend Braha valittiin toiminnantarkastajaksi ja Risto Nikkanen varatoiminnantarkastajaksi.<\/p>\n\n\n\n<p>13. K\u00e4sitell\u00e4\u00e4n hallituksen esitt\u00e4m\u00e4t ehdotukset kilpailukalenteriksi ja kilpailus\u00e4\u00e4nn\u00f6iksi seuraavalle toimikaudelle.<\/p>\n\n\n\n<p>Hallitus p\u00e4\u00e4tt\u00e4\u00e4 tarkemmat p\u00e4iv\u00e4t ja kilpailupaikat, kilpailu alkaa elokuun viikko 32\/2025. J\u00e4senet voivat hankkia yksitt\u00e4isiin kilpailuihin palkintoja tai sponsoreita.<\/p>\n\n\n\n<p>Kilpailus\u00e4\u00e4nn\u00f6t 2025, kauden voittaja ratkaistaan kilpailun perusteella (Nuorten sarjassa). Vanhojen lintujen sarjassa ker\u00e4t\u00e4\u00e4n kokonaispisteet. Eniten pisteit\u00e4 ker\u00e4nnyt on voittaja.<\/p>\n\n\n\n<p>Kilpailussa sallitaan vain Suomen tai ulkomaan viralliset renkaat ja enint\u00e4\u00e4n 4 ulkomaista virallista rengasta sallittu kilpailuissa.\u00a0<\/p>\n\n\n\n<p>14. Muut esille tulevat asiat<\/p>\n\n\n\n<p>Suunnitellaan yhteisrokotuksia. Vanhat 2012-2024 renkaat myyd\u00e4\u00e4n 25 sentti\u00e4 kappale, ostaminen vain yhdistyksen j\u00e4senille. Mikrosiru hinta 2\u20ac. Palkintopokaalien lis\u00e4ksi kilpailuista diplomi.<\/p>\n\n\n\n<p>L\u00f6yt\u00f6kyyhkyist\u00e4 ilmoitus Faruk Mehmetin<\/p>\n\n\n\n<p>Jos j\u00e4sen osallistuu tapahtumiin, yhdistys voi osallistua pienell\u00e4 osuudella kustannuksiin kuten p\u00f6yt\u00e4maksuun.<\/p>\n\n\n\n<p>Puheenjohtaja p\u00e4\u00e4tti kokouksen klo. 14:00<\/p>\n\n\n\n<p>Suomen Viestikyyhky-yhdistys ry<\/p>\n\n\n\n<p><\/p>\n","protected":false},"excerpt":{"rendered":"<p>Kokousp\u00f6yt\u00e4kirja 2025 SUOMEN VIESTIKYYHKY-YHDISTYS ry:n S\u00c4\u00c4NT\u00d6M\u00c4\u00c4R\u00c4INEN VUOSIKOKOUS 2025 Yhdistyksen vuosikokous pidettiin 04.01.2025 ABC Lojan kello 12:00 alkaen. YHDISTYKSEN VUOSIKOKOUS Yhdistyksen vuosikokouksessa k\u00e4sitell\u00e4\u00e4n seuraavat asiat: 1. Kokouksen avaus. Puheenjohtaja avasi kokouksen [&hellip;]<\/p>\n","protected":false},"author":1,"featured_media":0,"parent":0,"menu_order":0,"comment_status":"closed","ping_status":"closed","template":"","meta":{"_EventAllDay":false,"_EventTimezone":"","_EventStartDate":"","_EventEndDate":"","_EventStartDateUTC":"","_EventEndDateUTC":"","_EventShowMap":false,"_EventShowMapLink":false,"_EventURL":"","_EventCost":"","_EventCostDescription":"","_EventCurrencySymbol":"","_EventCurrencyCode":"","_EventCurrencyPosition":"","_EventDateTimeSeparator":"","_EventTimeRangeSeparator":"","_EventOrganizerID":[],"_EventVenueID":[],"_OrganizerEmail":"","_OrganizerPhone":"","_OrganizerWebsite":"","_VenueAddress":"","_VenueCity":"","_VenueCountry":"","_VenueProvince":"","_VenueState":"","_VenueZip":"","_VenuePhone":"","_VenueURL":"","_VenueStateProvince":"","_VenueLat":"","_VenueLng":"","_VenueShowMap":false,"_VenueShowMapLink":false,"footnotes":""},"class_list":["post-200","page","type-page","status-publish","hentry"],"yoast_head":"<!-- This site is optimized with the Yoast SEO plugin v27.5 - https:\/\/yoast.com\/product\/yoast-seo-wordpress\/ -->\n<title>Kokousp\u00f6yt\u00e4kirja - Suomen Viestikyyhky- Yhdistys<\/title>\n<meta name=\"robots\" content=\"index, follow, max-snippet:-1, max-image-preview:large, max-video-preview:-1\" \/>\n<link rel=\"canonical\" href=\"https:\/\/viestikyyhky.fi\/index.php\/kokouspoytakirja\/\" \/>\n<meta property=\"og:locale\" content=\"en_US\" \/>\n<meta property=\"og:type\" content=\"article\" \/>\n<meta property=\"og:title\" content=\"Kokousp\u00f6yt\u00e4kirja - Suomen Viestikyyhky- Yhdistys\" \/>\n<meta property=\"og:description\" content=\"Kokousp\u00f6yt\u00e4kirja 2025 SUOMEN VIESTIKYYHKY-YHDISTYS ry:n S\u00c4\u00c4NT\u00d6M\u00c4\u00c4R\u00c4INEN VUOSIKOKOUS 2025 Yhdistyksen vuosikokous pidettiin 04.01.2025 ABC Lojan kello 12:00 alkaen. YHDISTYKSEN VUOSIKOKOUS Yhdistyksen vuosikokouksessa k\u00e4sitell\u00e4\u00e4n seuraavat asiat: 1. Kokouksen avaus. Puheenjohtaja avasi kokouksen [&hellip;]\" \/>\n<meta property=\"og:url\" content=\"https:\/\/viestikyyhky.fi\/index.php\/kokouspoytakirja\/\" \/>\n<meta property=\"og:site_name\" content=\"Suomen Viestikyyhky- Yhdistys\" \/>\n<meta property=\"article:modified_time\" content=\"2025-02-16T01:03:23+00:00\" \/>\n<meta name=\"twitter:card\" content=\"summary_large_image\" \/>\n<meta name=\"twitter:label1\" content=\"Est. reading time\" \/>\n\t<meta name=\"twitter:data1\" content=\"2 minutes\" \/>\n<script type=\"application\/ld+json\" class=\"yoast-schema-graph\">{\"@context\":\"https:\\\/\\\/schema.org\",\"@graph\":[{\"@type\":\"WebPage\",\"@id\":\"https:\\\/\\\/viestikyyhky.fi\\\/index.php\\\/kokouspoytakirja\\\/\",\"url\":\"https:\\\/\\\/viestikyyhky.fi\\\/index.php\\\/kokouspoytakirja\\\/\",\"name\":\"Kokousp\u00f6yt\u00e4kirja - Suomen Viestikyyhky- Yhdistys\",\"isPartOf\":{\"@id\":\"https:\\\/\\\/viestikyyhky.fi\\\/#website\"},\"datePublished\":\"2025-02-16T01:03:22+00:00\",\"dateModified\":\"2025-02-16T01:03:23+00:00\",\"breadcrumb\":{\"@id\":\"https:\\\/\\\/viestikyyhky.fi\\\/index.php\\\/kokouspoytakirja\\\/#breadcrumb\"},\"inLanguage\":\"en-US\",\"potentialAction\":[{\"@type\":\"ReadAction\",\"target\":[\"https:\\\/\\\/viestikyyhky.fi\\\/index.php\\\/kokouspoytakirja\\\/\"]}]},{\"@type\":\"BreadcrumbList\",\"@id\":\"https:\\\/\\\/viestikyyhky.fi\\\/index.php\\\/kokouspoytakirja\\\/#breadcrumb\",\"itemListElement\":[{\"@type\":\"ListItem\",\"position\":1,\"name\":\"Home\",\"item\":\"https:\\\/\\\/viestikyyhky.fi\\\/\"},{\"@type\":\"ListItem\",\"position\":2,\"name\":\"Kokousp\u00f6yt\u00e4kirja\"}]},{\"@type\":\"WebSite\",\"@id\":\"https:\\\/\\\/viestikyyhky.fi\\\/#website\",\"url\":\"https:\\\/\\\/viestikyyhky.fi\\\/\",\"name\":\"Suomen Viestikyyhky- Yhdistys\",\"description\":\"\",\"publisher\":{\"@id\":\"https:\\\/\\\/viestikyyhky.fi\\\/#organization\"},\"potentialAction\":[{\"@type\":\"SearchAction\",\"target\":{\"@type\":\"EntryPoint\",\"urlTemplate\":\"https:\\\/\\\/viestikyyhky.fi\\\/?s={search_term_string}\"},\"query-input\":{\"@type\":\"PropertyValueSpecification\",\"valueRequired\":true,\"valueName\":\"search_term_string\"}}],\"inLanguage\":\"en-US\"},{\"@type\":\"Organization\",\"@id\":\"https:\\\/\\\/viestikyyhky.fi\\\/#organization\",\"name\":\"Suomen Viestikyyhky- Yhdistys\",\"url\":\"https:\\\/\\\/viestikyyhky.fi\\\/\",\"logo\":{\"@type\":\"ImageObject\",\"inLanguage\":\"en-US\",\"@id\":\"https:\\\/\\\/viestikyyhky.fi\\\/#\\\/schema\\\/logo\\\/image\\\/\",\"url\":\"https:\\\/\\\/viestikyyhky.fi\\\/wp-content\\\/uploads\\\/2025\\\/01\\\/Zaki-Logo-1.png\",\"contentUrl\":\"https:\\\/\\\/viestikyyhky.fi\\\/wp-content\\\/uploads\\\/2025\\\/01\\\/Zaki-Logo-1.png\",\"width\":1274,\"height\":354,\"caption\":\"Suomen Viestikyyhky- Yhdistys\"},\"image\":{\"@id\":\"https:\\\/\\\/viestikyyhky.fi\\\/#\\\/schema\\\/logo\\\/image\\\/\"}}]}<\/script>\n<!-- \/ Yoast SEO plugin. -->","yoast_head_json":{"title":"Kokousp\u00f6yt\u00e4kirja - Suomen Viestikyyhky- Yhdistys","robots":{"index":"index","follow":"follow","max-snippet":"max-snippet:-1","max-image-preview":"max-image-preview:large","max-video-preview":"max-video-preview:-1"},"canonical":"https:\/\/viestikyyhky.fi\/index.php\/kokouspoytakirja\/","og_locale":"en_US","og_type":"article","og_title":"Kokousp\u00f6yt\u00e4kirja - Suomen Viestikyyhky- Yhdistys","og_description":"Kokousp\u00f6yt\u00e4kirja 2025 SUOMEN VIESTIKYYHKY-YHDISTYS ry:n S\u00c4\u00c4NT\u00d6M\u00c4\u00c4R\u00c4INEN VUOSIKOKOUS 2025 Yhdistyksen vuosikokous pidettiin 04.01.2025 ABC Lojan kello 12:00 alkaen. YHDISTYKSEN VUOSIKOKOUS Yhdistyksen vuosikokouksessa k\u00e4sitell\u00e4\u00e4n seuraavat asiat: 1. Kokouksen avaus. Puheenjohtaja avasi kokouksen [&hellip;]","og_url":"https:\/\/viestikyyhky.fi\/index.php\/kokouspoytakirja\/","og_site_name":"Suomen Viestikyyhky- Yhdistys","article_modified_time":"2025-02-16T01:03:23+00:00","twitter_card":"summary_large_image","twitter_misc":{"Est. reading time":"2 minutes"},"schema":{"@context":"https:\/\/schema.org","@graph":[{"@type":"WebPage","@id":"https:\/\/viestikyyhky.fi\/index.php\/kokouspoytakirja\/","url":"https:\/\/viestikyyhky.fi\/index.php\/kokouspoytakirja\/","name":"Kokousp\u00f6yt\u00e4kirja - Suomen Viestikyyhky- Yhdistys","isPartOf":{"@id":"https:\/\/viestikyyhky.fi\/#website"},"datePublished":"2025-02-16T01:03:22+00:00","dateModified":"2025-02-16T01:03:23+00:00","breadcrumb":{"@id":"https:\/\/viestikyyhky.fi\/index.php\/kokouspoytakirja\/#breadcrumb"},"inLanguage":"en-US","potentialAction":[{"@type":"ReadAction","target":["https:\/\/viestikyyhky.fi\/index.php\/kokouspoytakirja\/"]}]},{"@type":"BreadcrumbList","@id":"https:\/\/viestikyyhky.fi\/index.php\/kokouspoytakirja\/#breadcrumb","itemListElement":[{"@type":"ListItem","position":1,"name":"Home","item":"https:\/\/viestikyyhky.fi\/"},{"@type":"ListItem","position":2,"name":"Kokousp\u00f6yt\u00e4kirja"}]},{"@type":"WebSite","@id":"https:\/\/viestikyyhky.fi\/#website","url":"https:\/\/viestikyyhky.fi\/","name":"Suomen Viestikyyhky- Yhdistys","description":"","publisher":{"@id":"https:\/\/viestikyyhky.fi\/#organization"},"potentialAction":[{"@type":"SearchAction","target":{"@type":"EntryPoint","urlTemplate":"https:\/\/viestikyyhky.fi\/?s={search_term_string}"},"query-input":{"@type":"PropertyValueSpecification","valueRequired":true,"valueName":"search_term_string"}}],"inLanguage":"en-US"},{"@type":"Organization","@id":"https:\/\/viestikyyhky.fi\/#organization","name":"Suomen Viestikyyhky- Yhdistys","url":"https:\/\/viestikyyhky.fi\/","logo":{"@type":"ImageObject","inLanguage":"en-US","@id":"https:\/\/viestikyyhky.fi\/#\/schema\/logo\/image\/","url":"https:\/\/viestikyyhky.fi\/wp-content\/uploads\/2025\/01\/Zaki-Logo-1.png","contentUrl":"https:\/\/viestikyyhky.fi\/wp-content\/uploads\/2025\/01\/Zaki-Logo-1.png","width":1274,"height":354,"caption":"Suomen Viestikyyhky- Yhdistys"},"image":{"@id":"https:\/\/viestikyyhky.fi\/#\/schema\/logo\/image\/"}}]}},"_links":{"self":[{"href":"https:\/\/viestikyyhky.fi\/index.php\/wp-json\/wp\/v2\/pages\/200","targetHints":{"allow":["GET"]}}],"collection":[{"href":"https:\/\/viestikyyhky.fi\/index.php\/wp-json\/wp\/v2\/pages"}],"about":[{"href":"https:\/\/viestikyyhky.fi\/index.php\/wp-json\/wp\/v2\/types\/page"}],"author":[{"embeddable":true,"href":"https:\/\/viestikyyhky.fi\/index.php\/wp-json\/wp\/v2\/users\/1"}],"replies":[{"embeddable":true,"href":"https:\/\/viestikyyhky.fi\/index.php\/wp-json\/wp\/v2\/comments?post=200"}],"version-history":[{"count":1,"href":"https:\/\/viestikyyhky.fi\/index.php\/wp-json\/wp\/v2\/pages\/200\/revisions"}],"predecessor-version":[{"id":267,"href":"https:\/\/viestikyyhky.fi\/index.php\/wp-json\/wp\/v2\/pages\/200\/revisions\/267"}],"wp:attachment":[{"href":"https:\/\/viestikyyhky.fi\/index.php\/wp-json\/wp\/v2\/media?parent=200"}],"curies":[{"name":"wp","href":"https:\/\/api.w.org\/{rel}","templated":true}]}}